{"id":549,"date":"2018-01-19T12:22:56","date_gmt":"2018-01-19T11:22:56","guid":{"rendered":"http:\/\/neu.atus-graz.com\/?page_id=549"},"modified":"2026-02-15T12:08:41","modified_gmt":"2026-02-15T11:08:41","slug":"startseite","status":"publish","type":"page","link":"https:\/\/www.atus-graz.com\/","title":{"rendered":"STARTSEITE"},"content":{"rendered":"<div id='full_slider_1'  class='avia-fullwidth-slider main_color avia-shadow   avia-builder-el-0  el_before_av_section  avia-builder-el-first   container_wrap sidebar_right'  >\n<style type=\"text\/css\" data-created_by=\"avia_inline_auto\" id=\"style-css-av-4jcv2l-605a65fabc6123a26f8566cb9634bb03\">\n#top #wrap_all .avia-slideshow .av-slideshow-caption.av-4jcv2l-605a65fabc6123a26f8566cb9634bb03__0 .avia-caption-title{\nfont-size:42px;\ncolor:#ffffff;\n}\n#top .avia-slideshow .av-slideshow-caption.av-4jcv2l-605a65fabc6123a26f8566cb9634bb03__0 .avia-caption-content{\nfont-size:18px;\n}\n#top .avia-slideshow .av-slideshow-caption.av-4jcv2l-605a65fabc6123a26f8566cb9634bb03__0 .avia-caption-content p{\nfont-size:18px;\n}\n#top #wrap_all .avia-slideshow .av-slideshow-caption.av-4jcv2l-605a65fabc6123a26f8566cb9634bb03__1 .avia-caption-title{\nfont-size:42px;\ncolor:#ffffff;\n}\n#top .avia-slideshow .av-slideshow-caption.av-4jcv2l-605a65fabc6123a26f8566cb9634bb03__1 .avia-caption-content{\nfont-size:18px;\n}\n#top .avia-slideshow .av-slideshow-caption.av-4jcv2l-605a65fabc6123a26f8566cb9634bb03__1 .avia-caption-content p{\nfont-size:18px;\n}\n#top #wrap_all .avia-slideshow .av-slideshow-caption.av-4jcv2l-605a65fabc6123a26f8566cb9634bb03__2 .avia-caption-title{\nfont-size:42px;\ncolor:#ffffff;\n}\n#top .avia-slideshow .av-slideshow-caption.av-4jcv2l-605a65fabc6123a26f8566cb9634bb03__2 .avia-caption-content{\nfont-size:18px;\n}\n#top .avia-slideshow .av-slideshow-caption.av-4jcv2l-605a65fabc6123a26f8566cb9634bb03__2 .avia-caption-content p{\nfont-size:18px;\n}\n#top #wrap_all .avia-slideshow .av-slideshow-caption.av-4jcv2l-605a65fabc6123a26f8566cb9634bb03__3 .avia-caption-title{\nfont-size:42px;\ncolor:#ffffff;\n}\n#top .avia-slideshow .av-slideshow-caption.av-4jcv2l-605a65fabc6123a26f8566cb9634bb03__3 .avia-caption-content{\nfont-size:18px;\n}\n#top .avia-slideshow .av-slideshow-caption.av-4jcv2l-605a65fabc6123a26f8566cb9634bb03__3 .avia-caption-content p{\nfont-size:18px;\n}\n<\/style>\n<div  class='avia-slideshow av-4jcv2l-605a65fabc6123a26f8566cb9634bb03 avia-slideshow-featured av_slideshow_full avia-slide-slider av-slideshow-ui av-control-hidden av-no-slider-navigation av-hide-nav-arrows av-slideshow-autoplay av-loop-endless av-loop-manual-endless av-default-height-applied   avia-slideshow-1' data-slideshow-options=\"{&quot;animation&quot;:&quot;slide&quot;,&quot;autoplay&quot;:true,&quot;loop_autoplay&quot;:&quot;endless&quot;,&quot;interval&quot;:4,&quot;loop_manual&quot;:&quot;manual-endless&quot;,&quot;autoplay_stopper&quot;:false,&quot;noNavigation&quot;:true,&quot;bg_slider&quot;:false,&quot;keep_padding&quot;:false,&quot;hoverpause&quot;:false,&quot;show_slide_delay&quot;:0}\"  itemprop=\"image\" itemscope=\"itemscope\" itemtype=\"https:\/\/schema.org\/ImageObject\" ><ul class='avia-slideshow-inner ' style='padding-bottom: 26.666666666667%;'><li  class='avia-slideshow-slide av-4jcv2l-605a65fabc6123a26f8566cb9634bb03__0  slide-1 slide-odd'><div data-rel='slideshow-1' class='avia-slide-wrap '   ><div class='av-slideshow-caption av-4jcv2l-605a65fabc6123a26f8566cb9634bb03__0 caption_fullwidth caption_left'><div class=\"container caption_container\"><div class=\"slideshow_caption\"><div class=\"slideshow_inner_caption\"><div class=\"slideshow_align_caption\"><h2 class='avia-caption-title '  itemprop=\"name\" >ATUS GRAZ<\/h2><div class='avia-caption-content av_inherit_color'  itemprop=\"description\" ><p>&#8230;mehr als ein Verein!<\/p>\n<\/div><\/div><\/div><\/div><\/div><\/div><img class=\"wp-image-467 avia-img-lazy-loading-not-467\"  src='https:\/\/www.atus-graz.com\/wp-content\/uploads\/2018\/01\/atus-schwimmen-1500x400.jpg' width='1500' height='400' title='atus-schwimmen' alt=''  itemprop=\"thumbnailUrl\"  style='min-height:300px; min-width:1125px; ' \/><\/div><\/li><li  class='avia-slideshow-slide av-4jcv2l-605a65fabc6123a26f8566cb9634bb03__1  slide-2 slide-even'><div data-rel='slideshow-1' class='avia-slide-wrap '   ><div class='av-slideshow-caption av-4jcv2l-605a65fabc6123a26f8566cb9634bb03__1 caption_fullwidth caption_left'><div class=\"container caption_container\"><div class=\"slideshow_caption\"><div class=\"slideshow_inner_caption\"><div class=\"slideshow_align_caption\"><h2 class='avia-caption-title '  itemprop=\"name\" >ATUS GRAZ<\/h2><div class='avia-caption-content av_inherit_color'  itemprop=\"description\" ><p>&#8230;wir vermitteln Freude am Sport.<\/p>\n<\/div><\/div><\/div><\/div><\/div><\/div><img class=\"wp-image-464 avia-img-lazy-loading-not-464\"  src='https:\/\/www.atus-graz.com\/wp-content\/uploads\/2018\/01\/atus-ballsport-1500x400.jpg' width='1500' height='400' title='atus-ballsport' alt=''  itemprop=\"thumbnailUrl\"  style='min-height:300px; min-width:1125px; ' \/><\/div><\/li><li  class='avia-slideshow-slide av-4jcv2l-605a65fabc6123a26f8566cb9634bb03__2  slide-3 slide-odd'><div data-rel='slideshow-1' class='avia-slide-wrap '   ><div class='av-slideshow-caption av-4jcv2l-605a65fabc6123a26f8566cb9634bb03__2 caption_fullwidth caption_left'><div class=\"container caption_container\"><div class=\"slideshow_caption\"><div class=\"slideshow_inner_caption\"><div class=\"slideshow_align_caption\"><h2 class='avia-caption-title '  itemprop=\"name\" >ATUS GRAZ<\/h2><div class='avia-caption-content av_inherit_color'  itemprop=\"description\" ><p>Schwimmen | Turnen &amp; Gymnastik | Tischtennis | Moderner F\u00fcnfkampf<\/p>\n<\/div><\/div><\/div><\/div><\/div><\/div><img class=\"wp-image-649 avia-img-lazy-loading-not-649\"  src='https:\/\/www.atus-graz.com\/wp-content\/uploads\/2018\/01\/atus-gymnastik3-1500x400.jpg' width='1500' height='400' title='atus-gymnastik3' alt=''  itemprop=\"thumbnailUrl\"  style='min-height:300px; min-width:1125px; ' \/><\/div><\/li><li  class='avia-slideshow-slide av-4jcv2l-605a65fabc6123a26f8566cb9634bb03__3  slide-4 slide-even'><div data-rel='slideshow-1' class='avia-slide-wrap '   ><div class='av-slideshow-caption av-4jcv2l-605a65fabc6123a26f8566cb9634bb03__3 caption_fullwidth caption_left'><div class=\"container caption_container\"><div class=\"slideshow_caption\"><div class=\"slideshow_inner_caption\"><div class=\"slideshow_align_caption\"><h2 class='avia-caption-title '  itemprop=\"name\" >ATUS GRAZ<\/h2><div class='avia-caption-content av_inherit_color'  itemprop=\"description\" ><p>&#8230;mehr als ein Verein!<\/p>\n<\/div><\/div><\/div><\/div><\/div><\/div><img class=\"wp-image-1456 avia-img-lazy-loading-not-1456\"  src='https:\/\/www.atus-graz.com\/wp-content\/uploads\/2018\/09\/moderner-fu\u0308nfkampf-atus-titel1-1500x400.jpg' width='1500' height='400' title='moderner-fu\u0308nfkampf-atus-titel1' alt=''  itemprop=\"thumbnailUrl\"  style='min-height:300px; min-width:1125px; ' \/><\/div><\/li><\/ul><div class='avia-slideshow-arrows avia-slideshow-controls' ><a href='#prev' class='prev-slide ' aria-hidden='true' data-av_icon='\ue87c' data-av_iconfont='entypo-fontello'  tabindex='-1'>Zur\u00fcck<\/a><a href='#next' class='next-slide ' aria-hidden='true' data-av_icon='\ue87d' data-av_iconfont='entypo-fontello'  tabindex='-1'>Weiter<\/a><\/div><\/div><\/div>\n\n<style type=\"text\/css\" data-created_by=\"avia_inline_auto\" id=\"style-css-av-3wgykt-03adeedb0a5aa403194acf6ed1a4e4cc\">\n.avia-section.av-3wgykt-03adeedb0a5aa403194acf6ed1a4e4cc .av-extra-border-element .av-extra-border-inner{\nbackground-color:#ffffff;\n}\n<\/style>\n<div id='av_section_1'  class='avia-section av-3wgykt-03adeedb0a5aa403194acf6ed1a4e4cc main_color avia-section-default avia-no-border-styling  avia-builder-el-1  el_after_av_slideshow_full  el_before_av_section  avia-bg-style-scroll av-arrow-down-section container_wrap sidebar_right'  ><div class='container av-section-cont-open' ><div class='template-page content  av-content-small alpha units'><div class='post-entry post-entry-type-page post-entry-549'><div class='entry-content-wrapper clearfix'>\n<div class='flex_column av-3o5lkl-0613acdcfa59c71f31eb1b90d7ffc346 av_one_fifth  avia-builder-el-2  el_before_av_three_fifth  avia-builder-el-first  first flex_column_div '     ><\/div>\n<style type=\"text\/css\" data-created_by=\"avia_inline_auto\" id=\"style-css-av-3hp0vx-bfc0bfc82c46b52732d9e9334d244fad\">\n.flex_column.av-3hp0vx-bfc0bfc82c46b52732d9e9334d244fad{\n-webkit-border-radius:0px 0px 0px 0px;\n-moz-border-radius:0px 0px 0px 0px;\nborder-radius:0px 0px 0px 0px;\npadding:0px 0px 0px 0px;\n}\n<\/style>\n<div class='flex_column av-3hp0vx-bfc0bfc82c46b52732d9e9334d244fad av_three_fifth  avia-builder-el-3  el_after_av_one_fifth  avia-builder-el-last  flex_column_div av-zero-column-padding '     ><p>\n<style type=\"text\/css\" data-created_by=\"avia_inline_auto\" id=\"style-css-av-90005-90dcf4c2179699cabd4442bfac6159f4\">\n#top .av-special-heading.av-90005-90dcf4c2179699cabd4442bfac6159f4{\npadding-bottom:10px;\n}\nbody .av-special-heading.av-90005-90dcf4c2179699cabd4442bfac6159f4 .av-special-heading-tag .heading-char{\nfont-size:25px;\n}\n.av-special-heading.av-90005-90dcf4c2179699cabd4442bfac6159f4 .av-subheading{\nfont-size:15px;\n}\n<\/style>\n<div  class='av-special-heading av-90005-90dcf4c2179699cabd4442bfac6159f4 av-special-heading-h2 blockquote modern-quote modern-centered  avia-builder-el-4  el_before_av_textblock  avia-builder-el-first '><div class='av-subheading av-subheading_above'><p>SPORTVEREIN<\/p>\n<\/div><h2 class='av-special-heading-tag'  itemprop=\"headline\"  >ATUS Graz<\/h2><div class=\"special-heading-border\"><div class=\"special-heading-inner-border\"><\/div><\/div><\/div><br \/>\n\n<style type=\"text\/css\" data-created_by=\"avia_inline_auto\" id=\"style-css-av-35qifh-9d833742eb7f037696f7122b62e35813\">\n#top .av_textblock_section.av-35qifh-9d833742eb7f037696f7122b62e35813 .avia_textblock{\nfont-size:16px;\n}\n<\/style>\n<section  class='av_textblock_section av-35qifh-9d833742eb7f037696f7122b62e35813'  itemscope=\"itemscope\" itemtype=\"https:\/\/schema.org\/CreativeWork\" ><div class='avia_textblock'  itemprop=\"text\" ><p style=\"text-align: center;\">Unser Ziel ist es Kindern, Jugendlichen und Erwachsenen Freude am Sport zu vermitteln. Durch unser umfassendes Sportangebot an unterschiedlichen Trainingsorten ist es m\u00f6glich, Sport f\u00fcr alle Altersgruppen anzubieten.<\/p>\n<p style=\"text-align: center;\">Zus\u00e4tzlich bieten wir die M\u00f6glichkeit leistungsorientierte Sportler zu f\u00f6rdern und zum Spitzensport heranzuf\u00fchren. Durch konsequente erfolgreiche Trainingsarbeit gelangen ATUS Graz Athleten zum Spitzensport, bis hin zur Teilnahme an Olympischen Spielen.<\/p>\n<\/div><\/section><\/p><\/div>\n\n<\/div><\/div><\/div><!-- close content main div --><\/div><div class='av-extra-border-element border-extra-arrow-down'><div class='av-extra-border-outer'><div class='av-extra-border-inner'><\/div><\/div><\/div><\/div>\n<style type=\"text\/css\" data-created_by=\"avia_inline_auto\" id=\"style-css-av-3wgykt-3-1b482d90e9f331db84090c14a17a0d76\">\n.avia-section.av-3wgykt-3-1b482d90e9f331db84090c14a17a0d76 .av-extra-border-element .av-extra-border-inner{\nbackground-color:#ffffff;\n}\n<\/style>\n<div id='av_section_2'  class='avia-section av-3wgykt-3-1b482d90e9f331db84090c14a17a0d76 main_color avia-section-default avia-no-border-styling  avia-builder-el-6  el_after_av_section  el_before_av_section  avia-bg-style-scroll av-arrow-down-section container_wrap sidebar_right'  ><div class='container av-section-cont-open' ><div class='template-page content  av-content-small alpha units'><div class='post-entry post-entry-type-page post-entry-549'><div class='entry-content-wrapper clearfix'>\n<div class='flex_column_table av-mgc45k4p-529725c9ae5e56e11105193a56d61358 sc-av_one_fifth av-equal-height-column-flextable'>\n<style type=\"text\/css\" data-created_by=\"avia_inline_auto\" id=\"style-css-av-mgc45k4p-529725c9ae5e56e11105193a56d61358\">\n.flex_column.av-mgc45k4p-529725c9ae5e56e11105193a56d61358{\npadding:40px 30px 40px 30px;\nbackground-color:#f4f4f4;\n}\n<\/style>\n<div class='flex_column av-mgc45k4p-529725c9ae5e56e11105193a56d61358 av_one_fifth  avia-builder-el-7  el_before_av_one_fifth  avia-builder-el-first  first flex_column_table_cell av-equal-height-column av-align-middle '     ><style type=\"text\/css\" data-created_by=\"avia_inline_auto\" id=\"style-css-av-1wqt0l-25070fde7283bee15127a389992c3a9b\">\n#top .av_textblock_section.av-1wqt0l-25070fde7283bee15127a389992c3a9b .avia_textblock{\ncolor:#0a0a0a;\n}\n<\/style>\n<section  class='av_textblock_section av-1wqt0l-25070fde7283bee15127a389992c3a9b'  itemscope=\"itemscope\" itemtype=\"https:\/\/schema.org\/CreativeWork\" ><div class='avia_textblock av_inherit_color'  itemprop=\"text\" ><h3 style=\"text-align: center;\">SCHWIMMEN<\/h3>\n<p style=\"text-align: center; font-size: 16px; line-height: 1.2em;\"><span style=\"font-size: 12pt;\"><a href=\"http:\/\/www.atus-graz.com\/index.php\/schwimmen\/leistungsschwimmen\/\">LEISTUNGS-<br \/>\nSCHWIMMEN<\/a><\/span><\/p>\n<div style=\"text-align: center; font-size: 16px; line-height: 2em;\"><span style=\"font-size: 12pt;\"><a href=\"http:\/\/www.atus-graz.com\/index.php\/schwimmen\/kurse-schwimmen\/\">KURSE<\/a><\/span><\/div>\n<div style=\"text-align: center;\"><span style=\"font-size: 12pt;\"><a href=\"https:\/\/www.atus-graz.com\/index.php\/trophy\/\">Int. BAUAkademie ATUS Graz Trophy<\/a><\/span><\/div>\n<div><\/div>\n<div><\/div>\n<\/div><\/section><\/div><div class='av-flex-placeholder'><\/div>\n<style type=\"text\/css\" data-created_by=\"avia_inline_auto\" id=\"style-css-av-aiid-3eb28ade7fb3759770d03692fc9c652e\">\n.flex_column.av-aiid-3eb28ade7fb3759770d03692fc9c652e{\npadding:40px 30px 40px 30px;\nbackground-color:#f4f4f4;\n}\n<\/style>\n<div class='flex_column av-aiid-3eb28ade7fb3759770d03692fc9c652e av_one_fifth  avia-builder-el-9  el_after_av_one_fifth  el_before_av_one_fifth  flex_column_table_cell av-equal-height-column av-align-middle '     ><style type=\"text\/css\" data-created_by=\"avia_inline_auto\" id=\"style-css-av-mgc43ijm-88f36983b337a8f5fc1dfd3f5624c454\">\n#top .av_textblock_section.av-mgc43ijm-88f36983b337a8f5fc1dfd3f5624c454 .avia_textblock{\ncolor:#000000;\n}\n<\/style>\n<section  class='av_textblock_section av-mgc43ijm-88f36983b337a8f5fc1dfd3f5624c454'  itemscope=\"itemscope\" itemtype=\"https:\/\/schema.org\/CreativeWork\" ><div class='avia_textblock av_inherit_color'  itemprop=\"text\" ><h3 style=\"text-align: center;\">TRIATHLON<\/h3>\n<p style=\"text-align: center;\"><a style=\"font-size: 16px;\" href=\"http:\/\/www.atus-graz.com\/index.php\/triathlon\">TRAININGSPLANUNG &amp; STEUERUNG<\/a><\/p>\n<\/div><\/section><\/div><div class='av-flex-placeholder'><\/div>\n<style type=\"text\/css\" data-created_by=\"avia_inline_auto\" id=\"style-css-av-kkavx-05aea780bb6fd9f263aeea691a8bde1e\">\n.flex_column.av-kkavx-05aea780bb6fd9f263aeea691a8bde1e{\npadding:40px 30px 40px 30px;\nbackground-color:#f4f4f4;\n}\n<\/style>\n<div class='flex_column av-kkavx-05aea780bb6fd9f263aeea691a8bde1e av_one_fifth  avia-builder-el-11  el_after_av_one_fifth  el_before_av_one_fifth  flex_column_table_cell av-equal-height-column av-align-middle '     ><style type=\"text\/css\" data-created_by=\"avia_inline_auto\" id=\"style-css-av-1ndsat-20be0225c68275cdfdc4cb35710bce2b\">\n#top .av_textblock_section.av-1ndsat-20be0225c68275cdfdc4cb35710bce2b .avia_textblock{\ncolor:#000000;\n}\n<\/style>\n<section  class='av_textblock_section av-1ndsat-20be0225c68275cdfdc4cb35710bce2b'  itemscope=\"itemscope\" itemtype=\"https:\/\/schema.org\/CreativeWork\" ><div class='avia_textblock av_inherit_color'  itemprop=\"text\" ><h3 style=\"text-align: center;\">TURNEN &amp; GYMNASTIK<\/h3>\n<div style=\"text-align: center; font-size: 16px; line-height: 2em;\"><a href=\"http:\/\/www.atus-graz.com\/index.php\/turnen-gymnastik\/turnen-gymnastik-kinder\/\">KINDER<\/a><\/div>\n<div style=\"text-align: center; font-size: 16px; line-height: 2em;\"><a href=\"http:\/\/www.atus-graz.com\/index.php\/turnen-gymnastik\/turnen-gymnastik-erwachsene\/fit-sport\/\">ERWACHSENE<\/a><\/div>\n<div style=\"text-align: center; font-size: 16px; line-height: 2em;\"><a href=\"http:\/\/www.atus-graz.com\/index.php\/turnen-gymnastik\/abenteuer-zirkusturnen\/\">ABENTEUER \/ ZIRKUSTURNEN<\/a><\/div>\n<\/div><\/section><\/div><div class='av-flex-placeholder'><\/div>\n<style type=\"text\/css\" data-created_by=\"avia_inline_auto\" id=\"style-css-av-h9h3x-bf556aaf8029c545b3e5e06db9672b49\">\n.flex_column.av-h9h3x-bf556aaf8029c545b3e5e06db9672b49{\npadding:40px 30px 40px 30px;\nbackground-color:#f4f4f4;\n}\n<\/style>\n<div class='flex_column av-h9h3x-bf556aaf8029c545b3e5e06db9672b49 av_one_fifth  avia-builder-el-13  el_after_av_one_fifth  el_before_av_one_fifth  flex_column_table_cell av-equal-height-column av-align-middle '     ><style type=\"text\/css\" data-created_by=\"avia_inline_auto\" id=\"style-css-av-183tot-1-2905f011dfa25b30179c95be1441de7c\">\n#top .av_textblock_section.av-183tot-1-2905f011dfa25b30179c95be1441de7c .avia_textblock{\ncolor:#000000;\n}\n<\/style>\n<section  class='av_textblock_section av-183tot-1-2905f011dfa25b30179c95be1441de7c'  itemscope=\"itemscope\" itemtype=\"https:\/\/schema.org\/CreativeWork\" ><div class='avia_textblock av_inherit_color'  itemprop=\"text\" ><h3 style=\"text-align: center;\">MODERNER F\u00dcNFKAMPF<\/h3>\n<div style=\"text-align: center; font-size: 16px; line-height: 2em;\"><a href=\"http:\/\/www.atus-graz.com\/index.php\/moderner-fuenfkampf\/\">INFOS UND TRAININGSZEITEN<\/a><\/div>\n<\/div><\/section><\/div><div class='av-flex-placeholder'><\/div>\n<style type=\"text\/css\" data-created_by=\"avia_inline_auto\" id=\"style-css-av-97mp1-b9d59bc30a1926616c4f2b4060360213\">\n.flex_column.av-97mp1-b9d59bc30a1926616c4f2b4060360213{\npadding:40px 30px 40px 30px;\nbackground-color:#f4f4f4;\n}\n<\/style>\n<div class='flex_column av-97mp1-b9d59bc30a1926616c4f2b4060360213 av_one_fifth  avia-builder-el-15  el_after_av_one_fifth  avia-builder-el-last  flex_column_table_cell av-equal-height-column av-align-middle '     ><style type=\"text\/css\" data-created_by=\"avia_inline_auto\" id=\"style-css-av-183tot-913fae2baef02eb228aaca22b63ec9ad\">\n#top .av_textblock_section.av-183tot-913fae2baef02eb228aaca22b63ec9ad .avia_textblock{\ncolor:#000000;\n}\n<\/style>\n<section  class='av_textblock_section av-183tot-913fae2baef02eb228aaca22b63ec9ad'  itemscope=\"itemscope\" itemtype=\"https:\/\/schema.org\/CreativeWork\" ><div class='avia_textblock av_inherit_color'  itemprop=\"text\" ><h3 style=\"text-align: center;\">BALLSPORT<\/h3>\n<div style=\"text-align: center; font-size: 16px; line-height: 2em;\"><a href=\"http:\/\/www.atus-graz.com\/index.php\/tischtennis\/\">TISCHTENNIS<\/a><\/div>\n<\/div><\/section><\/div><\/div><!--close column table wrapper. Autoclose: 1 -->\n\n<\/div><\/div><\/div><!-- close content main div --><\/div><div class='av-extra-border-element border-extra-arrow-down'><div class='av-extra-border-outer'><div class='av-extra-border-inner'><\/div><\/div><\/div><\/div><div id='av_section_3'  class='avia-section av-11z93p-0ba7c1fc8ed301680a2edb1e9a0f2593 main_color avia-section-default avia-no-border-styling  avia-builder-el-17  el_after_av_section  el_before_av_masonry_gallery  avia-bg-style-scroll container_wrap sidebar_right'  ><div class='container av-section-cont-open' ><div class='template-page content  av-content-small alpha units'><div class='post-entry post-entry-type-page post-entry-549'><div class='entry-content-wrapper clearfix'>\n\n<style type=\"text\/css\" data-created_by=\"avia_inline_auto\" id=\"style-css-av-v3l7h-e15a5d259b48de0f3836d5cc24f93a10\">\n#top .av-special-heading.av-v3l7h-e15a5d259b48de0f3836d5cc24f93a10{\npadding-bottom:30px;\n}\nbody .av-special-heading.av-v3l7h-e15a5d259b48de0f3836d5cc24f93a10 .av-special-heading-tag .heading-char{\nfont-size:25px;\n}\n.av-special-heading.av-v3l7h-e15a5d259b48de0f3836d5cc24f93a10 .av-subheading{\nfont-size:15px;\n}\n<\/style>\n<div  class='av-special-heading av-v3l7h-e15a5d259b48de0f3836d5cc24f93a10 av-special-heading-h2 blockquote modern-quote modern-centered  avia-builder-el-18  el_before_av_postslider  avia-builder-el-first '><h2 class='av-special-heading-tag'  itemprop=\"headline\"  >VEREINSNEUIGKEITEN <\/h2><div class=\"special-heading-border\"><div class=\"special-heading-inner-border\"><\/div><\/div><\/div>\n<div  data-slideshow-options=\"{&quot;animation&quot;:&quot;fade&quot;,&quot;autoplay&quot;:false,&quot;loop_autoplay&quot;:&quot;once&quot;,&quot;interval&quot;:&quot;5&quot;,&quot;loop_manual&quot;:&quot;manual-endless&quot;,&quot;autoplay_stopper&quot;:false,&quot;noNavigation&quot;:false,&quot;show_slide_delay&quot;:90}\" class='avia-content-slider avia-content-slider-active avia-content-slider1 avia-content-slider-odd  avia-builder-el-19  el_after_av_heading  el_before_av_hr  av-slideshow-ui av-control-default   av-no-slider-navigation av-slideshow-manual av-loop-once av-loop-manual-endless '  itemscope=\"itemscope\" itemtype=\"https:\/\/schema.org\/Blog\" ><div class=\"avia-content-slider-inner\"><div class=\"slide-entry-wrap\"><article class='slide-entry flex_column  post-entry post-entry-3112 slide-entry-overview slide-loop-1 slide-parity-odd  av_one_third first real-thumbnail post-format-video'  itemscope=\"itemscope\" itemtype=\"https:\/\/schema.org\/CreativeWork\" ><a href='https:\/\/www.atus-graz.com\/index.php\/2026\/04\/18\/abenteuerturnen-zirkusturnen\/' data-rel='slide-1' class='slide-image' title='Abenteuerturnen + Zirkusturnen'><img decoding=\"async\" width=\"495\" height=\"430\" src=\"https:\/\/www.atus-graz.com\/wp-content\/uploads\/2026\/04\/Bildschirmfoto-2026-04-18-um-10.28.16-495x430.png\" class=\"wp-image-3116 avia-img-lazy-loading-not-3116 attachment-portfolio size-portfolio wp-post-image\" alt=\"\" \/><\/a><div class=\"slide-content\"><header class=\"entry-content-header\"><h3 class='slide-entry-title entry-title '  itemprop=\"headline\" ><a href='https:\/\/www.atus-graz.com\/index.php\/2026\/04\/18\/abenteuerturnen-zirkusturnen\/' title='Abenteuerturnen + Zirkusturnen'>Abenteuerturnen + Zirkusturnen<\/a><\/h3><span class=\"blog-categories minor-meta\"><a href=\"https:\/\/www.atus-graz.com\/index.php\/category\/turnen-gymnastik\/\" rel=\"tag\">TURNEN &amp; GYMNASTIK<\/a> <\/span><span class=\"av-vertical-delimiter\"><\/span><\/header><div class='slide-entry-excerpt entry-content'  itemprop=\"text\" >Sport + Bewegung f\u00fcr Kinder und Jugendliche\r\nAbenteuerturnen + Zirkusturnen\r\n\r\nhttps:\/\/www.youtube.com\/watch?v=6eXLnTvkrmc<div class=\"read-more-link\"><a href=\"https:\/\/www.atus-graz.com\/index.php\/2026\/04\/18\/abenteuerturnen-zirkusturnen\/\" class=\"more-link\">Weiterlesen<span class=\"more-link-arrow\"><\/span><\/a><\/div><\/div><\/div><footer class=\"entry-footer\"><div class=\"slide-meta\"><time class='slide-meta-time updated'  itemprop=\"datePublished\" datetime=\"2026-04-18T10:27:29+02:00\" >18. April 2026<\/time><\/div><\/footer><span class='hidden'>\n\t\t\t\t<span class='av-structured-data'  itemprop=\"image\" itemscope=\"itemscope\" itemtype=\"https:\/\/schema.org\/ImageObject\" >\n\t\t\t\t\t\t<span itemprop='url'>https:\/\/www.atus-graz.com\/wp-content\/uploads\/2026\/04\/Bildschirmfoto-2026-04-18-um-10.28.16.png<\/span>\n\t\t\t\t\t\t<span itemprop='height'>768<\/span>\n\t\t\t\t\t\t<span itemprop='width'>1068<\/span>\n\t\t\t\t<\/span>\n\t\t\t\t<span class='av-structured-data'  itemprop=\"publisher\" itemtype=\"https:\/\/schema.org\/Organization\" itemscope=\"itemscope\" >\n\t\t\t\t\t\t<span itemprop='name'>Sektion Schwimmen<\/span>\n\t\t\t\t\t\t<span itemprop='logo' itemscope itemtype='https:\/\/schema.org\/ImageObject'>\n\t\t\t\t\t\t\t<span itemprop='url'>https:\/\/www.atus-graz.com\/wp-content\/uploads\/2018\/03\/atus-graz-web-logo.png<\/span>\n\t\t\t\t\t\t<\/span>\n\t\t\t\t<\/span><span class='av-structured-data'  itemprop=\"author\" itemscope=\"itemscope\" itemtype=\"https:\/\/schema.org\/Person\" ><span itemprop='name'>Sektion Schwimmen<\/span><\/span><span class='av-structured-data'  itemprop=\"datePublished\" datetime=\"2018-01-19T12:22:56+01:00\" >2026-04-18 10:27:29<\/span><span class='av-structured-data'  itemprop=\"dateModified\" itemtype=\"https:\/\/schema.org\/dateModified\" >2026-04-18 10:31:46<\/span><span class='av-structured-data'  itemprop=\"mainEntityOfPage\" itemtype=\"https:\/\/schema.org\/mainEntityOfPage\" ><span itemprop='name'>Abenteuerturnen + Zirkusturnen<\/span><\/span><\/span><\/article><article class='slide-entry flex_column  post-entry post-entry-3055 slide-entry-overview slide-loop-2 slide-parity-even  av_one_third  real-thumbnail post-format-standard'  itemscope=\"itemscope\" itemtype=\"https:\/\/schema.org\/CreativeWork\" ><a href='https:\/\/www.atus-graz.com\/index.php\/2025\/11\/08\/yin-yoga-jetzt-wieder-beim-atus\/' data-rel='slide-1' class='slide-image' title='Yin Yoga &#8211; Jetzt wieder beim ATUS!'><img decoding=\"async\" width=\"495\" height=\"430\" src=\"https:\/\/www.atus-graz.com\/wp-content\/uploads\/2025\/11\/yin-yoga-495x430.gif\" class=\"wp-image-3056 avia-img-lazy-loading-not-3056 attachment-portfolio size-portfolio wp-post-image\" alt=\"\" \/><\/a><div class=\"slide-content\"><header class=\"entry-content-header\"><h3 class='slide-entry-title entry-title '  itemprop=\"headline\" ><a href='https:\/\/www.atus-graz.com\/index.php\/2025\/11\/08\/yin-yoga-jetzt-wieder-beim-atus\/' title='Yin Yoga &#8211; Jetzt wieder beim ATUS!'>Yin Yoga &#8211; Jetzt wieder beim ATUS!<\/a><\/h3><span class=\"blog-categories minor-meta\"><a href=\"https:\/\/www.atus-graz.com\/index.php\/category\/allgemein\/\" rel=\"tag\">ALLGEMEIN<\/a> <\/span><span class=\"av-vertical-delimiter\"><\/span><\/header><div class='slide-entry-excerpt entry-content'  itemprop=\"text\" >Jetzt wieder Yin-Yoga beim ATUS!\r\nJeden Dienstag 19 \u2013 20 Uhr in der Volksschule J\u00e4gergrund, Unterer Br\u00fcndlweg.\r\n\r\n&nbsp;\r\n\r\n<div class=\"read-more-link\"><a href=\"https:\/\/www.atus-graz.com\/index.php\/2025\/11\/08\/yin-yoga-jetzt-wieder-beim-atus\/\" class=\"more-link\">Weiterlesen<span class=\"more-link-arrow\"><\/span><\/a><\/div><\/div><\/div><footer class=\"entry-footer\"><div class=\"slide-meta\"><time class='slide-meta-time updated'  itemprop=\"datePublished\" datetime=\"2025-11-08T12:43:40+01:00\" >8. November 2025<\/time><\/div><\/footer><span class='hidden'>\n\t\t\t\t<span class='av-structured-data'  itemprop=\"image\" itemscope=\"itemscope\" itemtype=\"https:\/\/schema.org\/ImageObject\" >\n\t\t\t\t\t\t<span itemprop='url'>https:\/\/www.atus-graz.com\/wp-content\/uploads\/2025\/11\/yin-yoga.gif<\/span>\n\t\t\t\t\t\t<span itemprop='height'>1543<\/span>\n\t\t\t\t\t\t<span itemprop='width'>1091<\/span>\n\t\t\t\t<\/span>\n\t\t\t\t<span class='av-structured-data'  itemprop=\"publisher\" itemtype=\"https:\/\/schema.org\/Organization\" itemscope=\"itemscope\" >\n\t\t\t\t\t\t<span itemprop='name'>atusadmin<\/span>\n\t\t\t\t\t\t<span itemprop='logo' itemscope itemtype='https:\/\/schema.org\/ImageObject'>\n\t\t\t\t\t\t\t<span itemprop='url'>https:\/\/www.atus-graz.com\/wp-content\/uploads\/2018\/03\/atus-graz-web-logo.png<\/span>\n\t\t\t\t\t\t<\/span>\n\t\t\t\t<\/span><span class='av-structured-data'  itemprop=\"author\" itemscope=\"itemscope\" itemtype=\"https:\/\/schema.org\/Person\" ><span itemprop='name'>atusadmin<\/span><\/span><span class='av-structured-data'  itemprop=\"datePublished\" datetime=\"2018-01-19T12:22:56+01:00\" >2025-11-08 12:43:40<\/span><span class='av-structured-data'  itemprop=\"dateModified\" itemtype=\"https:\/\/schema.org\/dateModified\" >2025-11-08 12:44:16<\/span><span class='av-structured-data'  itemprop=\"mainEntityOfPage\" itemtype=\"https:\/\/schema.org\/mainEntityOfPage\" ><span itemprop='name'>Yin Yoga &#8211; Jetzt wieder beim ATUS!<\/span><\/span><\/span><\/article><article class='slide-entry flex_column  post-entry post-entry-2980 slide-entry-overview slide-loop-3 slide-parity-odd  post-entry-last  av_one_third  real-thumbnail post-format-standard'  itemscope=\"itemscope\" itemtype=\"https:\/\/schema.org\/CreativeWork\" ><a href='https:\/\/www.atus-graz.com\/index.php\/2025\/10\/04\/2980\/' data-rel='slide-1' class='slide-image' title='NEU beim ATUS Graz: Sektion Triathlon'><img decoding=\"async\" width=\"444\" height=\"366\" src=\"https:\/\/www.atus-graz.com\/wp-content\/uploads\/2025\/10\/IMG-20241103-WA0038.jpg\" class=\"wp-image-2900 avia-img-lazy-loading-not-2900 attachment-portfolio size-portfolio wp-post-image\" alt=\"\" srcset=\"https:\/\/www.atus-graz.com\/wp-content\/uploads\/2025\/10\/IMG-20241103-WA0038.jpg 444w, https:\/\/www.atus-graz.com\/wp-content\/uploads\/2025\/10\/IMG-20241103-WA0038-300x247.jpg 300w\" sizes=\"(max-width: 444px) 100vw, 444px\" \/><\/a><div class=\"slide-content\"><header class=\"entry-content-header\"><h3 class='slide-entry-title entry-title '  itemprop=\"headline\" ><a href='https:\/\/www.atus-graz.com\/index.php\/2025\/10\/04\/2980\/' title='NEU beim ATUS Graz: Sektion Triathlon'>NEU beim ATUS Graz: Sektion Triathlon<\/a><\/h3><span class=\"blog-categories minor-meta\"><a href=\"https:\/\/www.atus-graz.com\/index.php\/category\/allgemein\/\" rel=\"tag\">ALLGEMEIN<\/a>, <a href=\"https:\/\/www.atus-graz.com\/index.php\/category\/triathlon\/\" rel=\"tag\">TRIATHLON<\/a> <\/span><span class=\"av-vertical-delimiter\"><\/span><\/header><div class='slide-entry-excerpt entry-content'  itemprop=\"text\" >Du tr\u00e4umst davon, dich sportlich weiterzuentwickeln, deine Grenzen zu verschieben, mehr aus deinem Training herauszuholen oder erst in den Triathlonsport einzusteigen?\r\nOb Anf\u00e4nger oder Fortgeschrittene \u2013 starte jetzt mit uns in dein Triathlon-Abenteuer.\u2026<div class=\"read-more-link\"><a href=\"https:\/\/www.atus-graz.com\/index.php\/2025\/10\/04\/2980\/\" class=\"more-link\">Weiterlesen<span class=\"more-link-arrow\"><\/span><\/a><\/div><\/div><\/div><footer class=\"entry-footer\"><div class=\"slide-meta\"><time class='slide-meta-time updated'  itemprop=\"datePublished\" datetime=\"2025-10-04T12:26:28+02:00\" >4. Oktober 2025<\/time><\/div><\/footer><span class='hidden'>\n\t\t\t\t<span class='av-structured-data'  itemprop=\"image\" itemscope=\"itemscope\" itemtype=\"https:\/\/schema.org\/ImageObject\" >\n\t\t\t\t\t\t<span itemprop='url'>https:\/\/www.atus-graz.com\/wp-content\/uploads\/2025\/10\/IMG-20241103-WA0038.jpg<\/span>\n\t\t\t\t\t\t<span itemprop='height'>366<\/span>\n\t\t\t\t\t\t<span itemprop='width'>444<\/span>\n\t\t\t\t<\/span>\n\t\t\t\t<span class='av-structured-data'  itemprop=\"publisher\" itemtype=\"https:\/\/schema.org\/Organization\" itemscope=\"itemscope\" >\n\t\t\t\t\t\t<span itemprop='name'>atusadmin<\/span>\n\t\t\t\t\t\t<span itemprop='logo' itemscope itemtype='https:\/\/schema.org\/ImageObject'>\n\t\t\t\t\t\t\t<span itemprop='url'>https:\/\/www.atus-graz.com\/wp-content\/uploads\/2018\/03\/atus-graz-web-logo.png<\/span>\n\t\t\t\t\t\t<\/span>\n\t\t\t\t<\/span><span class='av-structured-data'  itemprop=\"author\" itemscope=\"itemscope\" itemtype=\"https:\/\/schema.org\/Person\" ><span itemprop='name'>atusadmin<\/span><\/span><span class='av-structured-data'  itemprop=\"datePublished\" datetime=\"2018-01-19T12:22:56+01:00\" >2025-10-04 12:26:28<\/span><span class='av-structured-data'  itemprop=\"dateModified\" itemtype=\"https:\/\/schema.org\/dateModified\" >2025-10-19 18:44:49<\/span><span class='av-structured-data'  itemprop=\"mainEntityOfPage\" itemtype=\"https:\/\/schema.org\/mainEntityOfPage\" ><span itemprop='name'>NEU beim ATUS Graz: Sektion Triathlon<\/span><\/span><\/span><\/article><\/div><\/div><\/div>\n\n<style type=\"text\/css\" data-created_by=\"avia_inline_auto\" id=\"style-css-av-iylq5-2e332aa30e5d26f571ade5e2f4174085\">\n#top .hr.hr-invisible.av-iylq5-2e332aa30e5d26f571ade5e2f4174085{\nheight:40px;\n}\n<\/style>\n<div  class='hr av-iylq5-2e332aa30e5d26f571ade5e2f4174085 hr-invisible  avia-builder-el-20  el_after_av_postslider  el_before_av_button '><span class='hr-inner '><span class=\"hr-inner-style\"><\/span><\/span><\/div>\n<div  class='avia-button-wrap av-flkh1-e30cc080c8d6125cf16de625b16b00c2-wrap avia-button-center  avia-builder-el-21  el_after_av_hr  avia-builder-el-last '><a href='https:\/\/www.atus-graz.com\/index.php\/neuigkeiten\/'  class='avia-button av-flkh1-e30cc080c8d6125cf16de625b16b00c2 avia-icon_select-no avia-size-medium avia-position-center avia-color-black'  ><span class='avia_iconbox_title' >MEHR NEWS<\/span><\/a><\/div>\n\n<div id='av-masonry-1' class='av-masonry av-99uxx-9759082296f963a9c4fedfd5a02b5a14 noHover av-fixed-size av-no-gap av-hover-overlay- av-masonry-animation-active av-masonry-col-4 av-caption-always av-caption-style- av-masonry-gallery av-orientation-square ' data-post_id=\"549\"><div class=\"av-masonry-container isotope av-js-disabled\"><div class='av-masonry-entry isotope-item av-masonry-item-no-image '><\/div><a href=\"https:\/\/www.atus-graz.com\/wp-content\/uploads\/2026\/02\/e4cd1b2f-9c86-4319-aa6f-431e3daa876a-1030x773.jpg\"  aria-label=\"Bild Team ATUS Graz Schwimmen 2026\"  id='av-masonry-1-item-3101' data-av-masonry-item='3101' class='av-masonry-entry isotope-item post-3101 attachment type-attachment status-inherit hentry  av-masonry-item-with-image' title=\"Team ATUS Graz Schwimmen 2026\" alt=\"\"    itemprop=\"thumbnailUrl\" ><div class='av-inner-masonry-sizer'><\/div><figure class='av-inner-masonry main_color'><div class=\"av-masonry-outerimage-container\"><div class='av-masonry-image-container' style=\"background-image: url(https:\/\/www.atus-graz.com\/wp-content\/uploads\/2026\/02\/e4cd1b2f-9c86-4319-aa6f-431e3daa876a-705x529.jpg);\"  title=\"Team ATUS Graz Schwimmen 2026\"  ><\/div><\/div><\/figure><\/a><!--end av-masonry entry--><a href=\"https:\/\/www.atus-graz.com\/wp-content\/uploads\/2025\/08\/527241477_1275716171222871_1741633854156738811_n-1-905x1030.jpg\"  aria-label=\"Bild Valentin Baumegger \u00d6sterreichischer Juniorenmeister 2025\"  id='av-masonry-1-item-2868' data-av-masonry-item='2868' class='av-masonry-entry isotope-item post-2868 attachment type-attachment status-inherit hentry  av-masonry-item-with-image' title=\"Valentin Baumegger \u00d6sterreichischer Juniorenmeister 2025\" alt=\"Valentin Baumegger \u00d6sterreichischer Juniorenmeister 2025\"    itemprop=\"thumbnailUrl\" ><div class='av-inner-masonry-sizer'><\/div><figure class='av-inner-masonry main_color'><div class=\"av-masonry-outerimage-container\"><div class='av-masonry-image-container' style=\"background-image: url(https:\/\/www.atus-graz.com\/wp-content\/uploads\/2025\/08\/527241477_1275716171222871_1741633854156738811_n-1-620x705.jpg);\"  title=\"Valentin Baumegger \u00d6sterreichischer Juniorenmeister 2025\"   alt=\"Valentin Baumegger \u00d6sterreichischer Juniorenmeister 2025\" ><\/div><\/div><\/figure><\/a><!--end av-masonry entry--><a href=\"https:\/\/www.atus-graz.com\/wp-content\/uploads\/2025\/08\/524319323_1161628539328100_1576491711427061893_n-1030x685.jpg\"  aria-label=\"Bild Sarah Maria Baumegger Bronze EPYG 2025 (C) \u00d6PC\/GEPA\/ Alexander Solc\"  id='av-masonry-1-item-2864' data-av-masonry-item='2864' class='av-masonry-entry isotope-item post-2864 attachment type-attachment status-inherit hentry  av-masonry-item-with-image' title=\"Sarah Maria Baumegger Bronze EPYG 2025 (C) \u00d6PC\/GEPA\/ Alexander Solc\" alt=\"Sarah-Maria-Baumegger Bronzemedaillengewinnerin bei den European Para Youth Games 2025\"    itemprop=\"thumbnailUrl\" ><div class='av-inner-masonry-sizer'><\/div><figure class='av-inner-masonry main_color'><div class=\"av-masonry-outerimage-container\"><div class='av-masonry-image-container' style=\"background-image: url(https:\/\/www.atus-graz.com\/wp-content\/uploads\/2025\/08\/524319323_1161628539328100_1576491711427061893_n-705x469.jpg);\"  title=\"Sarah Maria Baumegger Bronze EPYG 2025 (C) \u00d6PC\/GEPA\/ Alexander Solc\"   alt=\"Sarah-Maria-Baumegger Bronzemedaillengewinnerin bei den European Para Youth Games 2025\" ><div class='av-image-copyright av-copyright-right'><span>\u00d6PC\/GEPA\/ Alexander Solc<\/span><\/div><\/div><\/div><\/figure><\/a><!--end av-masonry entry--><a href=\"https:\/\/www.atus-graz.com\/wp-content\/uploads\/2025\/08\/525686574_1274314374696384_681209076169766719_n.jpg\"  aria-label=\"Bild Felix und Valentin &#8211; Medaillengewinner \u00d6sterr. Juniorenmeisterschaften 2025\"  id='av-masonry-1-item-2865' data-av-masonry-item='2865' class='av-masonry-entry isotope-item post-2865 attachment type-attachment status-inherit hentry  av-masonry-item-with-image' title=\"Felix und Valentin &#8211; Medaillengewinner \u00d6sterr. Juniorenmeisterschaften 2025\" alt=\"Felix Reissner und Valentin Baumegger - Medaillengewinner bei den \u00d6sterr. Juniorenmeisterschaften 2025\"    itemprop=\"thumbnailUrl\" ><div class='av-inner-masonry-sizer'><\/div><figure class='av-inner-masonry main_color'><div class=\"av-masonry-outerimage-container\"><div class='av-masonry-image-container' style=\"background-image: url(https:\/\/www.atus-graz.com\/wp-content\/uploads\/2025\/08\/525686574_1274314374696384_681209076169766719_n-519x705.jpg);\"  title=\"Felix und Valentin &#8211; Medaillengewinner \u00d6sterr. Juniorenmeisterschaften 2025\"   alt=\"Felix Reissner und Valentin Baumegger - Medaillengewinner bei den \u00d6sterr. Juniorenmeisterschaften 2025\" ><\/div><\/div><\/figure><\/a><!--end av-masonry entry--><\/div><\/div>\n","protected":false},"excerpt":{"rendered":"","protected":false},"author":1,"featured_media":0,"parent":0,"menu_order":0,"comment_status":"closed","ping_status":"closed","template":"","meta":{"footnotes":""},"class_list":["post-549","page","type-page","status-publish","hentry"],"_links":{"self":[{"href":"https:\/\/www.atus-graz.com\/index.php\/wp-json\/wp\/v2\/pages\/549","targetHints":{"allow":["GET"]}}],"collection":[{"href":"https:\/\/www.atus-graz.com\/index.php\/wp-json\/wp\/v2\/pages"}],"about":[{"href":"https:\/\/www.atus-graz.com\/index.php\/wp-json\/wp\/v2\/types\/page"}],"author":[{"embeddable":true,"href":"https:\/\/www.atus-graz.com\/index.php\/wp-json\/wp\/v2\/users\/1"}],"replies":[{"embeddable":true,"href":"https:\/\/www.atus-graz.com\/index.php\/wp-json\/wp\/v2\/comments?post=549"}],"version-history":[{"count":79,"href":"https:\/\/www.atus-graz.com\/index.php\/wp-json\/wp\/v2\/pages\/549\/revisions"}],"predecessor-version":[{"id":3100,"href":"https:\/\/www.atus-graz.com\/index.php\/wp-json\/wp\/v2\/pages\/549\/revisions\/3100"}],"wp:attachment":[{"href":"https:\/\/www.atus-graz.com\/index.php\/wp-json\/wp\/v2\/media?parent=549"}],"curies":[{"name":"wp","href":"https:\/\/api.w.org\/{rel}","templated":true}]}}