{"id":9,"date":"2018-01-19T12:04:39","date_gmt":"2018-01-19T11:04:39","guid":{"rendered":"http:\/\/neu.atus-graz.com\/?page_id=9"},"modified":"2025-06-09T12:05:42","modified_gmt":"2025-06-09T10:05:42","slug":"der-verein-uebersicht","status":"publish","type":"page","link":"https:\/\/www.atus-graz.com\/index.php\/der-verein-uebersicht\/","title":{"rendered":"DER VEREIN"},"content":{"rendered":"\n<style type=\"text\/css\" data-created_by=\"avia_inline_auto\" id=\"style-css-av-1ivs1-1ff3ca9d5d41d4a903bad6748a49bdd3\">\n.avia-section.av-1ivs1-1ff3ca9d5d41d4a903bad6748a49bdd3{\nbackground-color:#000000;\nbackground-image:url(https:\/\/www.atus-graz.com\/wp-content\/uploads\/2018\/01\/atus-graz.jpg);\nbackground-repeat:no-repeat;\nbackground-position:50% 100%;\nbackground-attachment:scroll;\n}\n<\/style>\n<div id='av_section_1'  class='avia-section av-1ivs1-1ff3ca9d5d41d4a903bad6748a49bdd3 main_color avia-section-default avia-no-border-styling  avia-builder-el-0  el_before_av_section  avia-builder-el-first  avia-full-stretch avia-bg-style-scroll container_wrap sidebar_right'  data-section-bg-repeat='stretch'><div class='container av-section-cont-open' ><main  role=\"main\" itemprop=\"mainContentOfPage\"  class='template-page content  av-content-small alpha units'><div class='post-entry post-entry-type-page post-entry-9'><div class='entry-content-wrapper clearfix'>\n\n<style type=\"text\/css\" data-created_by=\"avia_inline_auto\" id=\"style-css-av-1hh9f-392ab5100bc8b3b872606ec90fcd3f10\">\n#top .av-special-heading.av-1hh9f-392ab5100bc8b3b872606ec90fcd3f10{\npadding-bottom:40px;\ncolor:#ffffff;\nfont-size:42px;\n}\nbody .av-special-heading.av-1hh9f-392ab5100bc8b3b872606ec90fcd3f10 .av-special-heading-tag .heading-char{\nfont-size:25px;\n}\n#top #wrap_all .av-special-heading.av-1hh9f-392ab5100bc8b3b872606ec90fcd3f10 .av-special-heading-tag{\nfont-size:42px;\n}\n.av-special-heading.av-1hh9f-392ab5100bc8b3b872606ec90fcd3f10 .special-heading-inner-border{\nborder-color:#ffffff;\n}\n.av-special-heading.av-1hh9f-392ab5100bc8b3b872606ec90fcd3f10 .av-subheading{\nfont-size:20px;\n}\n\n@media only screen and (min-width: 480px) and (max-width: 767px){ \n#top #wrap_all .av-special-heading.av-1hh9f-392ab5100bc8b3b872606ec90fcd3f10 .av-special-heading-tag{\nfont-size:0.8em;\n}\n}\n\n@media only screen and (max-width: 479px){ \n#top #wrap_all .av-special-heading.av-1hh9f-392ab5100bc8b3b872606ec90fcd3f10 .av-special-heading-tag{\nfont-size:0.8em;\n}\n}\n<\/style>\n<div  class='av-special-heading av-1hh9f-392ab5100bc8b3b872606ec90fcd3f10 av-special-heading-h2 custom-color-heading blockquote modern-quote  avia-builder-el-1  avia-builder-el-no-sibling  av-inherit-size'><h2 class='av-special-heading-tag'  itemprop=\"headline\"  >ATUS Graz<\/h2><div class='av_custom_color av-subheading av-subheading_below'><p>Unser Ziel ist es Kindern, Jugendlichen und Erwachsenen Freude am Sport zu vermitteln.<\/p>\n<\/div><div class=\"special-heading-border\"><div class=\"special-heading-inner-border\"><\/div><\/div><\/div>\n\n<\/div><\/div><\/main><!-- close content main element --><\/div><\/div><div id='av_section_2'  class='avia-section av-1e5mr-07acead554351001cc6dd1eafbae5dfc main_color avia-section-large avia-no-border-styling  avia-builder-el-2  el_after_av_section  el_before_av_section  avia-bg-style-scroll container_wrap sidebar_right'  ><div class='container av-section-cont-open' ><div class='template-page content  av-content-small alpha units'><div class='post-entry post-entry-type-page post-entry-9'><div class='entry-content-wrapper clearfix'>\n<div class='flex_column_table av-1c0kv-7f84e2ad5c082cb77728fad1ff4eeb96 sc-av_one_half av-equal-height-column-flextable'>\n<style type=\"text\/css\" data-created_by=\"avia_inline_auto\" id=\"style-css-av-1c0kv-7f84e2ad5c082cb77728fad1ff4eeb96\">\n.flex_column.av-1c0kv-7f84e2ad5c082cb77728fad1ff4eeb96{\n-webkit-border-radius:0px 0px 0px 0px;\n-moz-border-radius:0px 0px 0px 0px;\nborder-radius:0px 0px 0px 0px;\npadding:30px 30px 30px 30px;\nbackground-color:#f4f4f4;\n}\n<\/style>\n<div class='flex_column av-1c0kv-7f84e2ad5c082cb77728fad1ff4eeb96 av_one_half  avia-builder-el-3  el_before_av_one_half  avia-builder-el-first  first flex_column_table_cell av-equal-height-column av-align-top '     ><style type=\"text\/css\" data-created_by=\"avia_inline_auto\" id=\"style-css-av-1b507-d06067b571e048c1ac543d8b8626d410\">\n#top .av_textblock_section.av-1b507-d06067b571e048c1ac543d8b8626d410 .avia_textblock{\ncolor:#0a0a0a;\n}\n<\/style>\n<section  class='av_textblock_section av-1b507-d06067b571e048c1ac543d8b8626d410'  itemscope=\"itemscope\" itemtype=\"https:\/\/schema.org\/CreativeWork\" ><div class='avia_textblock av_inherit_color'  itemprop=\"text\" ><h3 style=\"text-align: left;\">Geschichte des Vereins<\/h3>\n<p>Der ATUS-Graz wurde am 21.M\u00e4rz 1904 unter dem Namen Arbeiterturnverein &#8222;Freiheit&#8220;, als Sammelbecken der sportbegeisterten Arbeiterjugend im Raum Graz, gegr\u00fcndet. Mit dem Entstehen der Zweiten Republik im Jahr 1945 und der Aufhebung des Vereinsverbotes (1934-1945) wurde der Turn- und Sportbetrieb des ATUS-Graz sofort wiederaufgenommen. Dabei wuchs der ATUS-Graz mit den Jahren zu einem der gr\u00f6\u00dften Allround-Vereine der Steiermark.<\/p>\n<div style=\"text-align: center;\"><\/div>\n<\/div><\/section><\/div><div class='av-flex-placeholder'><\/div>\n<style type=\"text\/css\" data-created_by=\"avia_inline_auto\" id=\"style-css-av-17bpf-da31b5c0bb861701cc499410a231cf0e\">\n.flex_column.av-17bpf-da31b5c0bb861701cc499410a231cf0e{\n-webkit-border-radius:0px 0px 0px 0px;\n-moz-border-radius:0px 0px 0px 0px;\nborder-radius:0px 0px 0px 0px;\npadding:30px 30px 30px 30px;\nbackground-color:#f4f4f4;\n}\n<\/style>\n<div class='flex_column av-17bpf-da31b5c0bb861701cc499410a231cf0e av_one_half  avia-builder-el-5  el_after_av_one_half  el_before_av_hr  flex_column_table_cell av-equal-height-column av-align-top '     ><style type=\"text\/css\" data-created_by=\"avia_inline_auto\" id=\"style-css-av-14xu1-00fc8b7a5c1d14a8ce7570da1797deda\">\n#top .av_textblock_section.av-14xu1-00fc8b7a5c1d14a8ce7570da1797deda .avia_textblock{\ncolor:#0a0a0a;\n}\n<\/style>\n<section  class='av_textblock_section av-14xu1-00fc8b7a5c1d14a8ce7570da1797deda'  itemscope=\"itemscope\" itemtype=\"https:\/\/schema.org\/CreativeWork\" ><div class='avia_textblock av_inherit_color'  itemprop=\"text\" ><h3 style=\"text-align: left;\">Unsere Ziele<\/h3>\n<p>Unser Ziel ist es Kindern, Jugendlichen und Erwachsenen Freude am Sport zu vermitteln. Durch unser umfassendes Sportangebot an unterschiedlichen Trainingsorten ist es m\u00f6glich, Sport f\u00fcr alle Altersgruppen anzubieten. Zus\u00e4tzlich bieten wir die M\u00f6glichkeit leistungsorientierte Sportler zu f\u00f6rdern und zum Spitzensport heranzuf\u00fchren. Durch konsequente erfolgreiche Trainingsarbeit gelangen ATUS Graz Athleten zum Spitzensport, bis hin zur Teilnahme an Olympischen Spielen.<\/p>\n<div style=\"text-align: center;\"><\/div>\n<\/div><\/section><\/div><\/div><!--close column table wrapper. Autoclose: 1 -->\n<style type=\"text\/css\" data-created_by=\"avia_inline_auto\" id=\"style-css-av-13scz-628f97a43ca93c22aa891b2ab8253f34\">\n#top .hr.hr-invisible.av-13scz-628f97a43ca93c22aa891b2ab8253f34{\nheight:50px;\n}\n<\/style>\n<div  class='hr av-13scz-628f97a43ca93c22aa891b2ab8253f34 hr-invisible  avia-builder-el-7  el_after_av_one_half  el_before_av_one_third '><span class='hr-inner '><span class=\"hr-inner-style\"><\/span><\/span><\/div>\n<div class='flex_column_table av-11t7v-5bea29c918556038fd4155553027e414 sc-av_one_third av-equal-height-column-flextable'>\n<style type=\"text\/css\" data-created_by=\"avia_inline_auto\" id=\"style-css-av-11t7v-5bea29c918556038fd4155553027e414\">\n.flex_column.av-11t7v-5bea29c918556038fd4155553027e414{\n-webkit-border-radius:0px 0px 0px 0px;\n-moz-border-radius:0px 0px 0px 0px;\nborder-radius:0px 0px 0px 0px;\npadding:30px 30px 30px 30px;\nbackground-color:#f4f4f4;\n}\n<\/style>\n<div class='flex_column av-11t7v-5bea29c918556038fd4155553027e414 av_one_third  avia-builder-el-8  el_after_av_hr  el_before_av_one_third  first flex_column_table_cell av-equal-height-column av-align-top '     ><style type=\"text\/css\" data-created_by=\"avia_inline_auto\" id=\"style-css-av-ywl7-cdbbf136352f85952fdda7152f5c5b7b\">\n#top .av_textblock_section.av-ywl7-cdbbf136352f85952fdda7152f5c5b7b .avia_textblock{\ncolor:#0a0a0a;\n}\n<\/style>\n<section  class='av_textblock_section av-ywl7-cdbbf136352f85952fdda7152f5c5b7b'  itemscope=\"itemscope\" itemtype=\"https:\/\/schema.org\/CreativeWork\" ><div class='avia_textblock av_inherit_color'  itemprop=\"text\" ><h3>Downloads<\/h3>\n<p><a href=\"http:\/\/atus-graz.com\/wp-content\/uploads\/2024\/05\/BEITRITTSERKLAERUNG_ATUS.pdf\" target=\"_blank\" rel=\"noopener\">Beitrittserkl\u00e4rung<\/a><\/p>\n<p><a href=\"http:\/\/atus-graz.com\/wp-content\/uploads\/2024\/05\/Statuten_ATUS-Graz_2024.pdf\" target=\"_blank\" rel=\"noopener\">Statuten ATUS-Graz<\/a><\/p>\n<p><a href=\"http:\/\/atus-graz.com\/wp-content\/uploads\/2018\/01\/ZVR-ATUS-Graz-2016-04-01.pdf\" target=\"_blank\" rel=\"noopener\">ZVR ATUS Graz 2016-04-01<\/a><\/p>\n<p><a href=\"http:\/\/atus-graz.com\/wp-content\/uploads\/2018\/01\/Vorstand-ATUS-Graz-1.4.2016-1.pdf\" target=\"_blank\" rel=\"noopener\">Vorstand ATUS Graz 2016-04-01<\/a><\/p>\n<div><\/div>\n<div style=\"text-align: center;\"><\/div>\n<\/div><\/section><\/div><div class='av-flex-placeholder'><\/div>\n<style type=\"text\/css\" data-created_by=\"avia_inline_auto\" id=\"style-css-av-y5wx-6ab74c01c029d142f5b2e0bf682a99f1\">\n.flex_column.av-y5wx-6ab74c01c029d142f5b2e0bf682a99f1{\n-webkit-border-radius:0px 0px 0px 0px;\n-moz-border-radius:0px 0px 0px 0px;\nborder-radius:0px 0px 0px 0px;\npadding:30px 30px 15px 30px;\nbackground-color:#f4f4f4;\n}\n<\/style>\n<div class='flex_column av-y5wx-6ab74c01c029d142f5b2e0bf682a99f1 av_one_third  avia-builder-el-10  el_after_av_one_third  el_before_av_one_third  flex_column_table_cell av-equal-height-column av-align-top '     ><style type=\"text\/css\" data-created_by=\"avia_inline_auto\" id=\"style-css-av-udrj-00992d5bcfb373ea1744b32fd7350c8b\">\n#top .av_textblock_section.av-udrj-00992d5bcfb373ea1744b32fd7350c8b .avia_textblock{\ncolor:#0a0a0a;\n}\n<\/style>\n<section  class='av_textblock_section av-udrj-00992d5bcfb373ea1744b32fd7350c8b'  itemscope=\"itemscope\" itemtype=\"https:\/\/schema.org\/CreativeWork\" ><div class='avia_textblock av_inherit_color'  itemprop=\"text\" ><h3 style=\"text-align: left;\">Logo<\/h3>\n<h3 style=\"text-align: left;\"><img loading=\"lazy\" decoding=\"async\" class=\"alignnone size-medium wp-image-1011\" src=\"https:\/\/www.atus-graz.com\/wp-content\/uploads\/2018\/03\/atus-graz-web-logo-300x215.png\" alt=\"\" width=\"300\" height=\"215\" srcset=\"https:\/\/www.atus-graz.com\/wp-content\/uploads\/2018\/03\/atus-graz-web-logo.png 300w, https:\/\/www.atus-graz.com\/wp-content\/uploads\/2018\/03\/atus-graz-web-logo-260x185.png 260w\" sizes=\"auto, (max-width: 300px) 100vw, 300px\" \/><\/h3>\n<div style=\"text-align: center;\"><\/div>\n<\/div><\/section><\/div><div class='av-flex-placeholder'><\/div>\n<style type=\"text\/css\" data-created_by=\"avia_inline_auto\" id=\"style-css-av-s69v-9d078b126ef711a4ed6f72f3a2bc0d49\">\n.flex_column.av-s69v-9d078b126ef711a4ed6f72f3a2bc0d49{\n-webkit-border-radius:0px 0px 0px 0px;\n-moz-border-radius:0px 0px 0px 0px;\nborder-radius:0px 0px 0px 0px;\npadding:30px 30px 15px 30px;\nbackground-color:#f4f4f4;\n}\n<\/style>\n<div class='flex_column av-s69v-9d078b126ef711a4ed6f72f3a2bc0d49 av_one_third  avia-builder-el-12  el_after_av_one_third  avia-builder-el-last  flex_column_table_cell av-equal-height-column av-align-top '     ><style type=\"text\/css\" data-created_by=\"avia_inline_auto\" id=\"style-css-av-qj3l-f3668082f8a9951bd664129cbc6be857\">\n#top .av_textblock_section.av-qj3l-f3668082f8a9951bd664129cbc6be857 .avia_textblock{\ncolor:#0a0a0a;\n}\n<\/style>\n<section  class='av_textblock_section av-qj3l-f3668082f8a9951bd664129cbc6be857'  itemscope=\"itemscope\" itemtype=\"https:\/\/schema.org\/CreativeWork\" ><div class='avia_textblock av_inherit_color'  itemprop=\"text\" ><h3>Auszeichnung<\/h3>\n<p><img loading=\"lazy\" decoding=\"async\" class=\"alignnone wp-image-600\" src=\"http:\/\/neu.atus-graz.com\/wp-content\/uploads\/2018\/01\/Qualitaetssiegel-Logo-web-300x293.png\" alt=\"\" width=\"151\" height=\"147\" srcset=\"https:\/\/www.atus-graz.com\/wp-content\/uploads\/2018\/01\/Qualitaetssiegel-Logo-web-300x293.png 300w, https:\/\/www.atus-graz.com\/wp-content\/uploads\/2018\/01\/Qualitaetssiegel-Logo-web-300x293-36x36.png 36w\" sizes=\"auto, (max-width: 151px) 100vw, 151px\" \/><\/p>\n<div style=\"text-align: center;\"><\/div>\n<\/div><\/section><\/div><\/div><!--close column table wrapper. Autoclose: 1 --><\/div><\/div><\/div><!-- close content main div --><\/div><\/div>\n<style type=\"text\/css\" data-created_by=\"avia_inline_auto\" id=\"style-css-av-od6l-4c7b3a641aeb9c22d25be3db3b951a12\">\n.avia-section.av-od6l-4c7b3a641aeb9c22d25be3db3b951a12{\nbackground-color:#eaeaea;\nbackground-image:unset;\n}\n<\/style>\n<div id='av_section_3'  class='avia-section av-od6l-4c7b3a641aeb9c22d25be3db3b951a12 main_color avia-section-default avia-border-extra-arrow-down avia-no-border-styling  avia-builder-el-14  el_after_av_section  avia-builder-el-last  avia-bg-style-scroll container_wrap sidebar_right'  ><div class='container av-section-cont-open' ><div class='template-page content  av-content-small alpha units'><div class='post-entry post-entry-type-page post-entry-9'><div class='entry-content-wrapper clearfix'>\n<div class='flex_column av-mbbp-e1c2b9a2af6b9526590c0f69f5dfe54f av_one_fifth  avia-builder-el-15  el_before_av_one_fifth  avia-builder-el-first  first flex_column_div '     ><div  class=\"avia-animated-number av-ld4l-ffa5a3ddb1b73780b463ce416d22fd60 av-force-default-color avia_animate_when_visible  avia-builder-el-16  avia-builder-el-no-sibling  \" data-timer=\"3000\"><strong class=\"heading avia-animated-number-title\"><span class=\"avia-single-number __av-single-number\" data-number_format=\"\" data-number=\"624\" data-start_from=\"0\">624<\/span><\/strong><div class=\"avia-animated-number-content\"><p>Mitglieder<\/p>\n<\/div><\/div><\/div>\n<style type=\"text\/css\" data-created_by=\"avia_inline_auto\" id=\"style-css-av-j401-54050c224ed8717ea4e717d29884fc3c\">\n.flex_column.av-j401-54050c224ed8717ea4e717d29884fc3c{\n-webkit-border-radius:0px 0px 0px 0px;\n-moz-border-radius:0px 0px 0px 0px;\nborder-radius:0px 0px 0px 0px;\npadding:0px 0px 0px 0px;\n}\n<\/style>\n<div class='flex_column av-j401-54050c224ed8717ea4e717d29884fc3c av_one_fifth  avia-builder-el-17  el_after_av_one_fifth  el_before_av_one_fifth  flex_column_div av-zero-column-padding '     ><div  class=\"avia-animated-number av-g7vp-1d70378abdc23024270eaf114c728ad1 av-force-default-color avia_animate_when_visible  avia-builder-el-18  avia-builder-el-no-sibling  \" data-timer=\"3000\"><strong class=\"heading avia-animated-number-title\"><span class=\"avia-single-number __av-single-number\" data-number_format=\"\" data-number=\"1383\" data-start_from=\"0\">1383<\/span><span class=\"avia-no-number\"> km<\/span><\/strong><div class=\"avia-animated-number-content\"><p>Schwimmen pro Woche<\/p>\n<\/div><\/div><\/div>\n<style type=\"text\/css\" data-created_by=\"avia_inline_auto\" id=\"style-css-av-e0ih-d6db65f3b60b3c71dd01cd80ef6ee0ef\">\n.flex_column.av-e0ih-d6db65f3b60b3c71dd01cd80ef6ee0ef{\n-webkit-border-radius:0px 0px 0px 0px;\n-moz-border-radius:0px 0px 0px 0px;\nborder-radius:0px 0px 0px 0px;\npadding:0px 0px 0px 0px;\n}\n<\/style>\n<div class='flex_column av-e0ih-d6db65f3b60b3c71dd01cd80ef6ee0ef av_one_fifth  avia-builder-el-19  el_after_av_one_fifth  el_before_av_one_fifth  flex_column_div av-zero-column-padding '     ><div  class=\"avia-animated-number av-bof9-ac451a47cd4f30d919a62aecf3e3fc3b av-force-default-color avia_animate_when_visible  avia-builder-el-20  avia-builder-el-no-sibling  \" data-timer=\"3000\"><strong class=\"heading avia-animated-number-title\"><span class=\"avia-single-number __av-single-number\" data-number_format=\"\" data-number=\"52\" data-start_from=\"0\">52<\/span><span class=\"avia-no-number\"> h<\/span><\/strong><div class=\"avia-animated-number-content\"><p>Sportangebot pro Woche<\/p>\n<\/div><\/div><\/div>\n<style type=\"text\/css\" data-created_by=\"avia_inline_auto\" id=\"style-css-av-945l-2d2ecdc3497cd70693207679566628a2\">\n.flex_column.av-945l-2d2ecdc3497cd70693207679566628a2{\n-webkit-border-radius:0px 0px 0px 0px;\n-moz-border-radius:0px 0px 0px 0px;\nborder-radius:0px 0px 0px 0px;\npadding:0px 0px 0px 0px;\n}\n<\/style>\n<div class='flex_column av-945l-2d2ecdc3497cd70693207679566628a2 av_one_fifth  avia-builder-el-21  el_after_av_one_fifth  el_before_av_one_fifth  flex_column_div av-zero-column-padding '     ><div  class=\"avia-animated-number av-6yl3-2736704a908aabafe9467278ee70d39b av-force-default-color avia_animate_when_visible  avia-builder-el-22  avia-builder-el-no-sibling  \" data-timer=\"3000\"><strong class=\"heading avia-animated-number-title\"><span class=\"avia-single-number __av-single-number\" data-number_format=\"\" data-number=\"28\" data-start_from=\"0\">28<\/span><\/strong><div class=\"avia-animated-number-content\"><p>Wettkampfteilnahmen pro Jahr<\/p>\n<\/div><\/div><\/div>\n<style type=\"text\/css\" data-created_by=\"avia_inline_auto\" id=\"style-css-av-50s1-c732056d398daac174a01c2b1e311ea8\">\n.flex_column.av-50s1-c732056d398daac174a01c2b1e311ea8{\n-webkit-border-radius:0px 0px 0px 0px;\n-moz-border-radius:0px 0px 0px 0px;\nborder-radius:0px 0px 0px 0px;\npadding:0px 0px 0px 0px;\n}\n<\/style>\n<div class='flex_column av-50s1-c732056d398daac174a01c2b1e311ea8 av_one_fifth  avia-builder-el-23  el_after_av_one_fifth  avia-builder-el-last  flex_column_div av-zero-column-padding '     ><div  class=\"avia-animated-number av-ut-50a038e09e792a25ddbd9f4641cfaa24 av-force-default-color avia_animate_when_visible  avia-builder-el-24  avia-builder-el-no-sibling  \" data-timer=\"3000\"><strong class=\"heading avia-animated-number-title\"><span class=\"avia-single-number __av-single-number\" data-number_format=\"\" data-number=\"40\" data-start_from=\"0\">40<\/span><\/strong><div class=\"avia-animated-number-content\"><p>Medaillen bei Wettk\u00e4mpfen (ab 01\/2018)<\/p>\n<\/div><\/div><\/div>\n<\/div><\/div><\/div><!-- close content main div --><\/div><\/div><div id='after_section_3'  class='main_color av_default_container_wrap container_wrap sidebar_right'  ><div class='container av-section-cont-open' ><div class='template-page content  av-content-small alpha units'><div class='post-entry post-entry-type-page post-entry-9'><div class='entry-content-wrapper clearfix'><\/p>\n","protected":false},"excerpt":{"rendered":"","protected":false},"author":1,"featured_media":0,"parent":0,"menu_order":0,"comment_status":"closed","ping_status":"closed","template":"","meta":{"footnotes":""},"class_list":["post-9","page","type-page","status-publish","hentry"],"_links":{"self":[{"href":"https:\/\/www.atus-graz.com\/index.php\/wp-json\/wp\/v2\/pages\/9","targetHints":{"allow":["GET"]}}],"collection":[{"href":"https:\/\/www.atus-graz.com\/index.php\/wp-json\/wp\/v2\/pages"}],"about":[{"href":"https:\/\/www.atus-graz.com\/index.php\/wp-json\/wp\/v2\/types\/page"}],"author":[{"embeddable":true,"href":"https:\/\/www.atus-graz.com\/index.php\/wp-json\/wp\/v2\/users\/1"}],"replies":[{"embeddable":true,"href":"https:\/\/www.atus-graz.com\/index.php\/wp-json\/wp\/v2\/comments?post=9"}],"version-history":[{"count":11,"href":"https:\/\/www.atus-graz.com\/index.php\/wp-json\/wp\/v2\/pages\/9\/revisions"}],"predecessor-version":[{"id":3076,"href":"https:\/\/www.atus-graz.com\/index.php\/wp-json\/wp\/v2\/pages\/9\/revisions\/3076"}],"wp:attachment":[{"href":"https:\/\/www.atus-graz.com\/index.php\/wp-json\/wp\/v2\/media?parent=9"}],"curies":[{"name":"wp","href":"https:\/\/api.w.org\/{rel}","templated":true}]}}